{"id":492,"date":"2022-07-13T09:05:35","date_gmt":"2022-07-13T09:05:35","guid":{"rendered":"https:\/\/www.abogadosbr.com\/bertschi-rubio-abogados\/"},"modified":"2022-07-21T11:24:10","modified_gmt":"2022-07-21T11:24:10","slug":"bertschi-rubio-abogados","status":"publish","type":"page","link":"https:\/\/www.abogadosbr.com\/ca\/bertschi-rubio-abogados\/","title":{"rendered":"Bertschi &amp; Rubio Abogados"},"content":{"rendered":"<p><div class=\"fusion-fullwidth fullwidth-box fusion-builder-row-1 fusion-flex-container has-pattern-background has-mask-background nonhundred-percent-fullwidth non-hundred-percent-height-scrolling\" style=\"--awb-border-radius-top-left:0px;--awb-border-radius-top-right:0px;--awb-border-radius-bottom-right:0px;--awb-border-radius-bottom-left:0px;--awb-padding-top:20px;--awb-flex-wrap:wrap;\" ><div class=\"fusion-builder-row fusion-row fusion-flex-align-items-flex-start fusion-flex-content-wrap\" style=\"max-width:1216.8px;margin-left: calc(-4% \/ 2 );margin-right: calc(-4% \/ 2 );\"><div class=\"fusion-layout-column fusion_builder_column fusion-builder-column-0 fusion_builder_column_1_1 1_1 fusion-flex-column\" style=\"--awb-bg-size:cover;--awb-width-large:100%;--awb-margin-top-large:0px;--awb-spacing-right-large:1.92%;--awb-margin-bottom-large:20px;--awb-spacing-left-large:1.92%;--awb-width-medium:100%;--awb-order-medium:0;--awb-spacing-right-medium:1.92%;--awb-spacing-left-medium:1.92%;--awb-width-small:100%;--awb-order-small:0;--awb-spacing-right-small:1.92%;--awb-spacing-left-small:1.92%;\"><div class=\"fusion-column-wrapper fusion-column-has-shadow fusion-flex-justify-content-flex-start fusion-content-layout-column\"><div class=\"fusion-title title fusion-title-1 fusion-sep-none fusion-title-center fusion-title-text fusion-title-size-three\" style=\"--awb-margin-top-small:10px;--awb-margin-right-small:0px;--awb-margin-bottom-small:10px;--awb-margin-left-small:0px;\"><h3 class=\"fusion-title-heading title-heading-center\" style=\"margin:0;\">Els qui Som<\/h3><\/div><div class=\"fusion-separator\" style=\"align-self: center;margin-left: auto;margin-right: auto;width:100%;max-width:5%;\"><div class=\"fusion-separator-border sep-single sep-solid\" style=\"--awb-height:20px;--awb-amount:20px;--awb-sep-color:#275765;border-color:#275765;border-top-width:2px;\"><\/div><\/div><\/div><\/div><\/div><\/div><div class=\"fusion-fullwidth fullwidth-box fusion-builder-row-2 fusion-flex-container has-pattern-background has-mask-background nonhundred-percent-fullwidth non-hundred-percent-height-scrolling\" style=\"--awb-border-radius-top-left:0px;--awb-border-radius-top-right:0px;--awb-border-radius-bottom-right:0px;--awb-border-radius-bottom-left:0px;--awb-flex-wrap:wrap;\" ><div class=\"fusion-builder-row fusion-row fusion-flex-align-items-center fusion-flex-justify-content-center fusion-flex-content-wrap\" style=\"max-width:1216.8px;margin-left: calc(-4% \/ 2 );margin-right: calc(-4% \/ 2 );\"><div class=\"fusion-layout-column fusion_builder_column fusion-builder-column-1 fusion_builder_column_1_2 1_2 fusion-flex-column\" style=\"--awb-bg-size:cover;--awb-width-large:50%;--awb-margin-top-large:0px;--awb-spacing-right-large:3.84%;--awb-margin-bottom-large:20px;--awb-spacing-left-large:3.84%;--awb-width-medium:50%;--awb-order-medium:0;--awb-spacing-right-medium:3.84%;--awb-spacing-left-medium:3.84%;--awb-width-small:100%;--awb-order-small:0;--awb-spacing-right-small:1.92%;--awb-spacing-left-small:1.92%;\"><div class=\"fusion-column-wrapper fusion-column-has-shadow fusion-flex-justify-content-flex-start fusion-content-layout-column\"><div class=\"fusion-image-element \" style=\"--awb-caption-title-font-family:var(--h2_typography-font-family);--awb-caption-title-font-weight:var(--h2_typography-font-weight);--awb-caption-title-font-style:var(--h2_typography-font-style);--awb-caption-title-size:var(--h2_typography-font-size);--awb-caption-title-transform:var(--h2_typography-text-transform);--awb-caption-title-line-height:var(--h2_typography-line-height);--awb-caption-title-letter-spacing:var(--h2_typography-letter-spacing);\"><span class=\" fusion-imageframe imageframe-none imageframe-1 hover-type-none\"><img decoding=\"async\" width=\"570\" height=\"381\" alt=\"Despacho-Bertschi-Rubio-Abogados\" title=\"Despacho-Bertschi-Rubio-Abogados\" src=\"https:\/\/www.abogadosbr.com\/wp-content\/uploads\/2022\/07\/Despacho-Bertschi-Rubio-Abogados.jpg\" class=\"img-responsive wp-image-452\" srcset=\"https:\/\/www.abogadosbr.com\/wp-content\/uploads\/2022\/07\/Despacho-Bertschi-Rubio-Abogados-200x134.jpg 200w, https:\/\/www.abogadosbr.com\/wp-content\/uploads\/2022\/07\/Despacho-Bertschi-Rubio-Abogados-400x267.jpg 400w, https:\/\/www.abogadosbr.com\/wp-content\/uploads\/2022\/07\/Despacho-Bertschi-Rubio-Abogados.jpg 570w\" sizes=\"(max-width: 640px) 100vw, 570px\" \/><\/span><\/div><\/div><\/div><div class=\"fusion-layout-column fusion_builder_column fusion-builder-column-2 fusion_builder_column_1_2 1_2 fusion-flex-column\" style=\"--awb-bg-size:cover;--awb-width-large:50%;--awb-margin-top-large:0px;--awb-spacing-right-large:3.84%;--awb-margin-bottom-large:20px;--awb-spacing-left-large:3.84%;--awb-width-medium:50%;--awb-order-medium:0;--awb-spacing-right-medium:3.84%;--awb-spacing-left-medium:3.84%;--awb-width-small:100%;--awb-order-small:0;--awb-spacing-right-small:1.92%;--awb-spacing-left-small:1.92%;\"><div class=\"fusion-column-wrapper fusion-column-has-shadow fusion-flex-justify-content-flex-start fusion-content-layout-column\"><div class=\"fusion-title title fusion-title-2 fusion-sep-none fusion-title-text fusion-title-size-three\" style=\"--awb-margin-top-small:10px;--awb-margin-right-small:0px;--awb-margin-bottom-small:10px;--awb-margin-left-small:0px;\"><h3 class=\"fusion-title-heading title-heading-left\" style=\"margin:0;\">Bertschi &amp; Rubio Abogados<\/h3><\/div><div class=\"fusion-text fusion-text-1\" style=\"--awb-content-alignment:justify;\"><p>Bufet Bertschi &amp; Rubio va ser fundat a Barcelona fa m\u00e9s de 25 anys amb la vocaci\u00f3 de donar un servei directe i personalitzat al petit empresari i al particular, a fi de poder facilitar una resposta i soluci\u00f3 efectiva a les q\u00fcestions jur\u00eddiques que poguessin sorgir en relaci\u00f3 a la seva activitat professional o qualsevol problem\u00e0tica legal que se li present\u00e9s en l&#8217;esdevenir quotidi\u00e0. El Bufet al llarg dels anys d&#8217;exercici s&#8217;ha aprofundit, tant en les mat\u00e8ries jur\u00eddiques d&#8217;\u00e0mbit general, com en els processos d&#8217;atenci\u00f3 eficient al client. Conseq\u00fc\u00e8ncia d&#8217;aix\u00f2 es va ampliar l&#8217;oferta al suport integral de l&#8217;activitat i gesti\u00f3 comptable, laboral i fiscal, a fi de dotar al client d&#8217;una soluci\u00f3 global a la seva activitat empresarial, professional o personal. Al llarg d&#8217;aquests anys en el Bufet s&#8217;han anat establint col\u00b7laboracions amb diversos despatxos especialitzats en mat\u00e8ries molt espec\u00edfiques, amb l&#8217;objectiu de proporcionar al client un assessorament amb les millors expectatives d&#8217;\u00e8xit i el menor cost possible.<\/p>\n<\/div><\/div><\/div><div class=\"fusion-layout-column fusion_builder_column fusion-builder-column-3 fusion_builder_column_1_2 1_2 fusion-flex-column\" style=\"--awb-bg-size:cover;--awb-width-large:50%;--awb-margin-top-large:0px;--awb-spacing-right-large:3.84%;--awb-margin-bottom-large:20px;--awb-spacing-left-large:3.84%;--awb-width-medium:50%;--awb-order-medium:0;--awb-spacing-right-medium:3.84%;--awb-spacing-left-medium:3.84%;--awb-width-small:100%;--awb-order-small:0;--awb-spacing-right-small:1.92%;--awb-spacing-left-small:1.92%;\"><div class=\"fusion-column-wrapper fusion-column-has-shadow fusion-flex-justify-content-flex-start fusion-content-layout-column\"><div class=\"fusion-text fusion-text-2\" style=\"--awb-content-alignment:justify;\"><p>La inspiraci\u00f3 del bufet han consistit en el contacte directe amb el client i la informaci\u00f3 peri\u00f2dica a aquest, amb el prop\u00f2sit d&#8217;oferir una advocacia preventiva basada en l&#8217;obstinaci\u00f3 d&#8217;evitar conflictes i, cas de produir-se, l&#8217;obtenci\u00f3 de la soluci\u00f3 m\u00e9s r\u00e0pida i econ\u00f2micament rendible al client. El bufet paral\u00b7lelament s&#8217;ha anat configurant l&#8217;estructura a fi de dotar-ho dels mitjans materials i humans necessaris, disposant de col\u00b7laboradors en tota Espanya, aix\u00ed com relacions amb pa\u00efsos europeus, especialment amb Su\u00efssa i Hongria, tot aix\u00f2 per a brindar al client una atenci\u00f3 preferent, tenint com a m\u00e0xima que en el nostre bufet no es tracta amb assumptes, si no amb persones i que la nostra constant preocupaci\u00f3 \u00e9s no defraudar la confian\u00e7a que han anat adquirint aquests al llarg dels anys de relaci\u00f3. L&#8217;activitat del bufet desenvolupada durant la vida ha proporcionat als seus components una experi\u00e8ncia i coneixement en diversos camps jur\u00eddics, aconseguint major especialitzaci\u00f3 i domini en l&#8217;\u00e0mbit de l&#8217;empresa familiar, dret successori i la gesti\u00f3 de patrimonis.<\/p>\n<\/div><\/div><\/div><div class=\"fusion-layout-column fusion_builder_column fusion-builder-column-4 fusion_builder_column_1_2 1_2 fusion-flex-column\" style=\"--awb-bg-size:cover;--awb-width-large:50%;--awb-margin-top-large:0px;--awb-spacing-right-large:3.84%;--awb-margin-bottom-large:20px;--awb-spacing-left-large:3.84%;--awb-width-medium:50%;--awb-order-medium:0;--awb-spacing-right-medium:3.84%;--awb-spacing-left-medium:3.84%;--awb-width-small:100%;--awb-order-small:0;--awb-spacing-right-small:1.92%;--awb-spacing-left-small:1.92%;\"><div class=\"fusion-column-wrapper fusion-column-has-shadow fusion-flex-justify-content-flex-start fusion-content-layout-column\"><div class=\"fusion-image-element \" style=\"--awb-caption-title-font-family:var(--h2_typography-font-family);--awb-caption-title-font-weight:var(--h2_typography-font-weight);--awb-caption-title-font-style:var(--h2_typography-font-style);--awb-caption-title-size:var(--h2_typography-font-size);--awb-caption-title-transform:var(--h2_typography-text-transform);--awb-caption-title-line-height:var(--h2_typography-line-height);--awb-caption-title-letter-spacing:var(--h2_typography-letter-spacing);\"><span class=\" fusion-imageframe imageframe-none imageframe-2 hover-type-none\"><img decoding=\"async\" width=\"570\" height=\"381\" alt=\"Recepci\u00f3n oficinas Abogados BR Barcelona\" title=\"Despacho-Bertschi-Rubio-Abogados2\" src=\"https:\/\/www.abogadosbr.com\/wp-content\/uploads\/2022\/07\/Despacho-Bertschi-Rubio-Abogados2.jpg\" class=\"img-responsive wp-image-453\" srcset=\"https:\/\/www.abogadosbr.com\/wp-content\/uploads\/2022\/07\/Despacho-Bertschi-Rubio-Abogados2-200x134.jpg 200w, https:\/\/www.abogadosbr.com\/wp-content\/uploads\/2022\/07\/Despacho-Bertschi-Rubio-Abogados2-400x267.jpg 400w, https:\/\/www.abogadosbr.com\/wp-content\/uploads\/2022\/07\/Despacho-Bertschi-Rubio-Abogados2.jpg 570w\" sizes=\"(max-width: 640px) 100vw, 570px\" \/><\/span><\/div><\/div><\/div><\/div><\/div><div class=\"fusion-fullwidth fullwidth-box fusion-builder-row-3 fusion-flex-container has-pattern-background has-mask-background nonhundred-percent-fullwidth non-hundred-percent-height-scrolling\" style=\"--awb-border-radius-top-left:0px;--awb-border-radius-top-right:0px;--awb-border-radius-bottom-right:0px;--awb-border-radius-bottom-left:0px;--awb-padding-bottom:20px;--awb-flex-wrap:wrap;\" ><div class=\"fusion-builder-row fusion-row fusion-flex-align-items-flex-start fusion-flex-content-wrap\" style=\"max-width:1216.8px;margin-left: calc(-4% \/ 2 );margin-right: calc(-4% \/ 2 );\"><div class=\"fusion-layout-column fusion_builder_column fusion-builder-column-5 fusion_builder_column_1_2 1_2 fusion-flex-column\" style=\"--awb-bg-size:cover;--awb-width-large:50%;--awb-margin-top-large:0px;--awb-spacing-right-large:3.84%;--awb-margin-bottom-large:20px;--awb-spacing-left-large:3.84%;--awb-width-medium:50%;--awb-order-medium:0;--awb-spacing-right-medium:3.84%;--awb-spacing-left-medium:3.84%;--awb-width-small:100%;--awb-order-small:0;--awb-spacing-right-small:1.92%;--awb-spacing-left-small:1.92%;\"><div class=\"fusion-column-wrapper fusion-column-has-shadow fusion-flex-justify-content-flex-start fusion-content-layout-column\"><div class=\"fusion-person person fusion-person-left fusion-person-1 fusion-person-icon-top\" style=\"--awb-pic-style-color:var(--awb-color8);--awb-pic-borderradius:0px;--awb-margin-top:0px;--awb-margin-right:0px;--awb-margin-bottom:0px;--awb-margin-left:0px;--awb-social-box-border-top:1px;--awb-social-box-border-right:1px;--awb-social-box-border-bottom:1px;--awb-social-box-border-left:1px;--awb-social-box-border-color:var(--awb-color3);--awb-social-box-border-color-hover:var(--awb-color4);--awb-social-box-colors-hover:var(--awb-color1);--awb-social-icon-boxed-colors:var(--awb-color2);--awb-social-icon-colors:var(--awb-color6);--awb-social-icon-colors-hover:var(--awb-color4);\"><div class=\"person-shortcode-image-wrapper\"><div class=\"person-image-container hover-type-zoomin\" style=\"border:0px solid #d3d3d3;-webkit-border-radius:0px;-moz-border-radius:0px;border-radius:0px;\"><a href=\"https:\/\/www.abogadosbr.com\/ca\/jorge-rubio\/\" target=\"_self\"><img decoding=\"async\" class=\"person-img img-responsive wp-image-454\" width=\"570\" height=\"381\" src=\"https:\/\/www.abogadosbr.com\/wp-content\/uploads\/2022\/07\/Jorge-Rubio.jpg\" alt=\"Jorge Rubio\" srcset=\"https:\/\/www.abogadosbr.com\/wp-content\/uploads\/2022\/07\/Jorge-Rubio-200x134.jpg 200w, https:\/\/www.abogadosbr.com\/wp-content\/uploads\/2022\/07\/Jorge-Rubio-400x267.jpg 400w, https:\/\/www.abogadosbr.com\/wp-content\/uploads\/2022\/07\/Jorge-Rubio.jpg 570w\" sizes=\"(max-width: 640px) 100vw, 570px\" \/><\/a><\/div><\/div><div class=\"person-desc\" style=\"background-color:#f5f5f5;padding:40px;margin-top:0;\"><div class=\"person-author\"><div class=\"person-author-wrapper\"><span class=\"person-name\">Jorge Rubio<\/span><span class=\"person-title\"><\/span><\/div><div class=\"fusion-social-networks\"><div class=\"fusion-social-networks-wrapper\"><a class=\"fusion-social-network-icon fusion-tooltip fusion-linkedin awb-icon-linkedin custom\" aria-label=\"fusion-linkedin\" href=\"es.linkedin.com\/pub\/jorge-rubio-garcia\/26\/19a\/651\" target=\"_blank\" rel=\"noopener noreferrer\" style=\"color:var(--awb-color6);font-size:16px;\" data-placement=\"top\" data-title=\"LinkedIn\" title=\"LinkedIn\" data-toggle=\"tooltip\"><\/a><a class=\"fusion-social-network-icon fusion-tooltip fusion-mail awb-icon-mail custom\" aria-label=\"fusion-mail\" href=\"mailto:&#105;n&#102;o&#064;ab&#111;&#103;ad&#111;&#115;br&#046;com\" target=\"_self\" style=\"color:var(--awb-color6);font-size:16px;\" data-placement=\"top\" data-title=\"Mail\" title=\"Mail\" data-toggle=\"tooltip\"><\/a><\/div><\/div><\/div><div class=\"person-content fusion-clearfix\">Advocat<\/div><\/div><\/div><\/div><\/div><div class=\"fusion-layout-column fusion_builder_column fusion-builder-column-6 fusion_builder_column_1_2 1_2 fusion-flex-column\" style=\"--awb-bg-size:cover;--awb-width-large:50%;--awb-margin-top-large:0px;--awb-spacing-right-large:3.84%;--awb-margin-bottom-large:20px;--awb-spacing-left-large:3.84%;--awb-width-medium:50%;--awb-order-medium:0;--awb-spacing-right-medium:3.84%;--awb-spacing-left-medium:3.84%;--awb-width-small:100%;--awb-order-small:0;--awb-spacing-right-small:1.92%;--awb-spacing-left-small:1.92%;\"><div class=\"fusion-column-wrapper fusion-column-has-shadow fusion-flex-justify-content-flex-start fusion-content-layout-column\"><div class=\"fusion-person person fusion-person-left fusion-person-2 fusion-person-icon-top\" style=\"--awb-pic-style-color:var(--awb-color8);--awb-pic-borderradius:0px;--awb-margin-top:0px;--awb-margin-right:0px;--awb-margin-bottom:0px;--awb-margin-left:0px;--awb-social-box-border-top:1px;--awb-social-box-border-right:1px;--awb-social-box-border-bottom:1px;--awb-social-box-border-left:1px;--awb-social-box-border-color:var(--awb-color3);--awb-social-box-border-color-hover:var(--awb-color4);--awb-social-box-colors-hover:var(--awb-color1);--awb-social-icon-boxed-colors:var(--awb-color2);--awb-social-icon-colors:var(--awb-color6);--awb-social-icon-colors-hover:var(--awb-color4);\"><div class=\"person-shortcode-image-wrapper\"><div class=\"person-image-container hover-type-zoomin\" style=\"border:0px solid #d3d3d3;-webkit-border-radius:0px;-moz-border-radius:0px;border-radius:0px;\"><a href=\"https:\/\/www.abogadosbr.com\/ca\/\" target=\"_self\"><img decoding=\"async\" class=\"person-img img-responsive wp-image-455\" width=\"570\" height=\"381\" src=\"https:\/\/www.abogadosbr.com\/wp-content\/uploads\/2022\/07\/Leopoldo-Bertschi.jpg\" alt=\"Leopoldo Bertschi\" srcset=\"https:\/\/www.abogadosbr.com\/wp-content\/uploads\/2022\/07\/Leopoldo-Bertschi-200x134.jpg 200w, https:\/\/www.abogadosbr.com\/wp-content\/uploads\/2022\/07\/Leopoldo-Bertschi-400x267.jpg 400w, https:\/\/www.abogadosbr.com\/wp-content\/uploads\/2022\/07\/Leopoldo-Bertschi.jpg 570w\" sizes=\"(max-width: 640px) 100vw, 570px\" \/><\/a><\/div><\/div><div class=\"person-desc\" style=\"background-color:#f5f5f5;padding:40px;margin-top:0;\"><div class=\"person-author\"><div class=\"person-author-wrapper\"><span class=\"person-name\">Leopoldo Bertschi<\/span><span class=\"person-title\"><\/span><\/div><div class=\"fusion-social-networks\"><div class=\"fusion-social-networks-wrapper\"><a class=\"fusion-social-network-icon fusion-tooltip fusion-linkedin awb-icon-linkedin custom\" aria-label=\"fusion-linkedin\" href=\"in.linkedin.com\/pub\/leo-bertschi\/17\/863\/424\" target=\"_blank\" rel=\"noopener noreferrer\" style=\"color:var(--awb-color6);font-size:16px;\" data-placement=\"top\" data-title=\"LinkedIn\" title=\"LinkedIn\" data-toggle=\"tooltip\"><\/a><a class=\"fusion-social-network-icon fusion-tooltip fusion-mail awb-icon-mail custom\" aria-label=\"fusion-mail\" href=\"mailto:&#105;n&#102;o&#064;a&#098;&#111;gad&#111;&#115;&#098;r&#046;c&#111;&#109;\" target=\"_self\" style=\"color:var(--awb-color6);font-size:16px;\" data-placement=\"top\" data-title=\"Mail\" title=\"Mail\" data-toggle=\"tooltip\"><\/a><\/div><\/div><\/div><div class=\"person-content fusion-clearfix\">Advocat<\/div><\/div><\/div><\/div><\/div><\/div><\/div><div class=\"fusion-fullwidth fullwidth-box fusion-builder-row-4 fusion-flex-container has-pattern-background has-mask-background nonhundred-percent-fullwidth non-hundred-percent-height-scrolling\" style=\"--awb-border-sizes-top:1px;--awb-border-color:#eef0f2;--awb-border-radius-top-left:0px;--awb-border-radius-top-right:0px;--awb-border-radius-bottom-right:0px;--awb-border-radius-bottom-left:0px;--awb-padding-top:20px;--awb-padding-bottom:40px;--awb-background-color:#fbfcfd;--awb-flex-wrap:wrap;\" ><div class=\"fusion-builder-row fusion-row fusion-flex-align-items-flex-start fusion-flex-content-wrap\" style=\"max-width:1216.8px;margin-left: calc(-4% \/ 2 );margin-right: calc(-4% \/ 2 );\"><div class=\"fusion-layout-column fusion_builder_column fusion-builder-column-7 fusion_builder_column_1_1 1_1 fusion-flex-column\" style=\"--awb-bg-size:cover;--awb-width-large:100%;--awb-margin-top-large:0px;--awb-spacing-right-large:1.92%;--awb-margin-bottom-large:20px;--awb-spacing-left-large:1.92%;--awb-width-medium:100%;--awb-order-medium:0;--awb-spacing-right-medium:1.92%;--awb-spacing-left-medium:1.92%;--awb-width-small:100%;--awb-order-small:0;--awb-spacing-right-small:1.92%;--awb-spacing-left-small:1.92%;\"><div class=\"fusion-column-wrapper fusion-column-has-shadow fusion-flex-justify-content-flex-start fusion-content-layout-column\"><div class=\"fusion-title title fusion-title-3 fusion-sep-none fusion-title-center fusion-title-text fusion-title-size-three\" style=\"--awb-margin-top-small:10px;--awb-margin-right-small:0px;--awb-margin-bottom-small:10px;--awb-margin-left-small:0px;\"><h3 class=\"fusion-title-heading title-heading-center\" style=\"margin:0;\">Filosofia<\/h3><\/div><div class=\"fusion-separator\" style=\"align-self: center;margin-left: auto;margin-right: auto;width:100%;max-width:5%;\"><div class=\"fusion-separator-border sep-single sep-solid\" style=\"--awb-height:20px;--awb-amount:20px;--awb-sep-color:#275765;border-color:#275765;border-top-width:2px;\"><\/div><\/div><\/div><\/div><div class=\"fusion-layout-column fusion_builder_column fusion-builder-column-8 fusion_builder_column_1_3 1_3 fusion-flex-column\" style=\"--awb-bg-size:cover;--awb-width-large:33.333333333333%;--awb-margin-top-large:0px;--awb-spacing-right-large:5.76%;--awb-margin-bottom-large:20px;--awb-spacing-left-large:5.76%;--awb-width-medium:33.333333333333%;--awb-order-medium:0;--awb-spacing-right-medium:5.76%;--awb-spacing-left-medium:5.76%;--awb-width-small:100%;--awb-order-small:0;--awb-spacing-right-small:1.92%;--awb-spacing-left-small:1.92%;\"><div class=\"fusion-column-wrapper fusion-column-has-shadow fusion-flex-justify-content-flex-start fusion-content-layout-column\"><div class=\"fusion-title title fusion-title-4 fusion-sep-none fusion-title-text fusion-title-size-three\" style=\"--awb-margin-top-small:10px;--awb-margin-right-small:0px;--awb-margin-bottom-small:10px;--awb-margin-left-small:0px;\"><h3 class=\"fusion-title-heading title-heading-left\" style=\"margin:0;\">Filosofia<\/h3><\/div><div class=\"fusion-text fusion-text-3\" style=\"--awb-content-alignment:justify;\"><p>La premissa del despatx consisteix a oferir el tracte m\u00e9s directe i personalitzat a cada client, tractant a les persones com ens agrada que ens tractin a nosaltres. La nostra constant \u00e9s la consecuci\u00f3 de la rapidesa en la resposta, despr\u00e9s d&#8217;analitzar totes les possibles alternatives a qualsevol conflicte, oferint el resultat m\u00e9s efica\u00e7 i rendible. El precepte b\u00e0sic consisteix sempre en la transpar\u00e8ncia i informaci\u00f3 als nostres clients a fi que puguin prevenir-se de qualsevol possible conflicte. En definitiva, prestar un servei el m\u00e9s satisfactori a tots els nivells.<\/p>\n<\/div><\/div><\/div><div class=\"fusion-layout-column fusion_builder_column fusion-builder-column-9 fusion_builder_column_1_3 1_3 fusion-flex-column\" style=\"--awb-bg-size:cover;--awb-width-large:33.333333333333%;--awb-margin-top-large:0px;--awb-spacing-right-large:5.76%;--awb-margin-bottom-large:20px;--awb-spacing-left-large:5.76%;--awb-width-medium:33.333333333333%;--awb-order-medium:0;--awb-spacing-right-medium:5.76%;--awb-spacing-left-medium:5.76%;--awb-width-small:100%;--awb-order-small:0;--awb-spacing-right-small:1.92%;--awb-spacing-left-small:1.92%;\"><div class=\"fusion-column-wrapper fusion-column-has-shadow fusion-flex-justify-content-flex-start fusion-content-layout-column\"><div class=\"fusion-title title fusion-title-5 fusion-sep-none fusion-title-text fusion-title-size-three\" style=\"--awb-margin-top-small:10px;--awb-margin-right-small:0px;--awb-margin-bottom-small:10px;--awb-margin-left-small:0px;\"><h3 class=\"fusion-title-heading title-heading-left\" style=\"margin:0;\">Valor Afegit<\/h3><\/div><div class=\"fusion-text fusion-text-4\" style=\"--awb-content-alignment:justify;\"><p>Cada membre del despatx t\u00e9 \u00e0mplia experi\u00e8ncia dins dels diversos \u00e0mbits associatius, formant part dels \u00f2rgans rectors de m\u00faltiples entitats: societats mercantils i esportives, associacions, cooperatives, m\u00fatues i fundacions. S&#8217;ha compaginat durant m\u00e9s de deu anys l&#8217;exercici professional amb la pr\u00e0ctica de la doc\u00e8ncia de mat\u00e8ries jur\u00eddiques en centres superiors d&#8217;ensenyament. La conjugaci\u00f3 de tots aquests elements ha conflu\u00eft en qu\u00e8 despr\u00e9s dels anys de dedicaci\u00f3 s&#8217;hagi pogut aconseguir un nivell de relacions i col\u00b7laboracions amb institucions i altres professionals, tant a nivell nacional com internacional, que han cristal\u00b7litzat en l&#8217;aprofundiment en operacions comercials i financeres.<\/p>\n<\/div><\/div><\/div><div class=\"fusion-layout-column fusion_builder_column fusion-builder-column-10 fusion_builder_column_1_3 1_3 fusion-flex-column\" style=\"--awb-bg-size:cover;--awb-width-large:33.333333333333%;--awb-margin-top-large:0px;--awb-spacing-right-large:5.76%;--awb-margin-bottom-large:20px;--awb-spacing-left-large:5.76%;--awb-width-medium:33.333333333333%;--awb-order-medium:0;--awb-spacing-right-medium:5.76%;--awb-spacing-left-medium:5.76%;--awb-width-small:100%;--awb-order-small:0;--awb-spacing-right-small:1.92%;--awb-spacing-left-small:1.92%;\"><div class=\"fusion-column-wrapper fusion-column-has-shadow fusion-flex-justify-content-flex-start fusion-content-layout-column\"><div class=\"fusion-title title fusion-title-6 fusion-sep-none fusion-title-text fusion-title-size-three\" style=\"--awb-margin-top-small:10px;--awb-margin-right-small:0px;--awb-margin-bottom-small:10px;--awb-margin-left-small:0px;\"><h3 class=\"fusion-title-heading title-heading-left\" style=\"margin:0;\">\u00c0rees d&#8217;actuaci\u00f3<\/h3><\/div><div class=\"fusion-text fusion-text-5\" style=\"--awb-content-alignment:justify;\"><p>Accidents de tr\u00e0nsit, Administratiu, Successions, Fam\u00edlia i Adopcions, Arrendaments, Comunitat de Propietaris, Concursal, Consumidors i Usuaris, Contenci\u00f3s Administratiu, Estrangeria i Nacionalitat, Dret Bancari, Dret Financer, Immobiliari, Neglig\u00e8ncies M\u00e8diques, Societari, Protecci\u00f3 de Dades, Penal, Processal, Propietat Industrial (Paleses Marques), Propietat Intel\u00b7lectual, Reclamacions de Quantitat, Seguretat Social, Segurs, Fiscalitat Internacional, Construcci\u00f3, Laboral, Prevenci\u00f3 de Riscos, Fiscal, Empresa Familiar, Responsabilitat Civil, Hipotecari i Registral, Penal Laboral, Penal Societari, Inversions a l&#8217;estranger, Mercantil, Civil.<\/p>\n<\/div><\/div><\/div><\/div><\/div><\/p>\n","protected":false},"excerpt":{"rendered":"","protected":false},"author":1,"featured_media":0,"parent":0,"menu_order":0,"comment_status":"closed","ping_status":"closed","template":"100-width.php","meta":{"footnotes":""},"class_list":["post-492","page","type-page","status-publish","hentry"],"aioseo_notices":[],"_links":{"self":[{"href":"https:\/\/www.abogadosbr.com\/ca\/wp-json\/wp\/v2\/pages\/492","targetHints":{"allow":["GET"]}}],"collection":[{"href":"https:\/\/www.abogadosbr.com\/ca\/wp-json\/wp\/v2\/pages"}],"about":[{"href":"https:\/\/www.abogadosbr.com\/ca\/wp-json\/wp\/v2\/types\/page"}],"author":[{"embeddable":true,"href":"https:\/\/www.abogadosbr.com\/ca\/wp-json\/wp\/v2\/users\/1"}],"replies":[{"embeddable":true,"href":"https:\/\/www.abogadosbr.com\/ca\/wp-json\/wp\/v2\/comments?post=492"}],"version-history":[{"count":5,"href":"https:\/\/www.abogadosbr.com\/ca\/wp-json\/wp\/v2\/pages\/492\/revisions"}],"predecessor-version":[{"id":503,"href":"https:\/\/www.abogadosbr.com\/ca\/wp-json\/wp\/v2\/pages\/492\/revisions\/503"}],"wp:attachment":[{"href":"https:\/\/www.abogadosbr.com\/ca\/wp-json\/wp\/v2\/media?parent=492"}],"curies":[{"name":"wp","href":"https:\/\/api.w.org\/{rel}","templated":true}]}}